{"id":16429,"date":"2022-11-19T17:58:25","date_gmt":"2022-11-19T16:58:25","guid":{"rendered":"https:\/\/sjbb.fr\/?page_id=16429"},"modified":"2025-09-23T15:55:53","modified_gmt":"2025-09-23T14:55:53","slug":"laudato-si","status":"publish","type":"page","link":"https:\/\/sjbb.fr\/index.php\/laudato-si\/","title":{"rendered":"Laudato Si&rsquo; ou Ecologie int\u00e9grale"},"content":{"rendered":"\n<p>Questions pos\u00e9s au conseil Pastoral de Saint Jean Baptiste de Belleville<\/p>\n\n\n\n<h2 class=\"wp-block-heading\">Enjeux<\/h2>\n\n\n\n<p>Arriver \u00e0 communiquer aux paroissiens l&rsquo;enjeu \u00e9norme de conversion spirituelle que repr\u00e9sente la crise totale, spirituelle &#8211; sociale &#8211; environnementale, que nous traversons :<\/p>\n\n\n\n<p>Que cette crise nous invite \u00e0 questionner individuellement notre rapport \u00e0 la Cr\u00e9ation, \u00e0 son Cr\u00e9ateur, aux autres et \u00e0 nous-m\u00eames, \u00e0 nos limites en acceptant de regarder les impacts tr\u00e8s concrets de nos modes de vie au quotidien.<\/p>\n\n\n\n<p><em>Ex : Qu&rsquo;est-ce que je per\u00e7ois sensoriellement au quotidien du monde dans lequel je vis (arbres ? oiseaux ? personnes?) Suis-je capable de m&rsquo;en \u00e9merveiller ? Quelle empreinte ai-je sur les ressources ? Quel est l&rsquo;\u00e2ge des objets qui m&rsquo;entourent ? Puis-je accepter mes limites physiques (pouvoir avoir ou non des enfants, accepter de vieillir, de ne pas \u00eatre aussi rapide \/ intelligent \/ beau que je le voudrais) ? Quelles limites poser \u00e0 la m\u00e9decine, aux r\u00e9seaux sociaux, \u00e0 la technologie ? Au-del\u00e0 de croissez et multipliez-vous, ai-je conscience d&rsquo;avoir \u00e0 charge de garder la Cr\u00e9ation et de la cultiver, des \u00e9quilibres \u00e0 tenir ? Ai-je conscience de la destination universelle des biens, du principe de bien commun, de solidarit\u00e9)<\/em><\/p>\n\n\n\n<p>Cette crise soul\u00e8ve des questions spirituelles tr\u00e8s profondes, sous-jacentes \u00e0 un quelconque d\u00e9but de changement, comment y r\u00e9pondre en tant que bon pasteur ??<\/p>\n\n\n\n<p>Dieu attend-il de nous de \u00ab\u00a0sauver\u00a0\u00bb la plan\u00e8te alors qu&rsquo;il y a eu un Sauveur ?<\/p>\n\n\n\n<p>Si Dieu est tout puissant, et que la crise prend ses proportions, est-ce que ce n&rsquo;est pas parce qu&rsquo;il l&rsquo;a voulu ? ne peut-il pas y mettre fin de la m\u00eame mani\u00e8re ? La Bible parle de la fin des temps, le moment n&rsquo;est-il pas venu ? Quel est mon r\u00f4le dans tout \u00e7a ?<\/p>\n\n\n\n<p>Je pense qu&rsquo;il y a \u00e9galement un enjeu d&rsquo;\u00e9vang\u00e9lisation \u00e9norme. Les groupes de travail Laudato Si&rsquo; du 13e et du 18e qui rassemble environ 150 jeunes entre 20 et 35 ans cette ann\u00e9e, comprennent une forte proportion de \u00ab\u00a0catholiques sans paroisse ni pratique r\u00e9guli\u00e8re\u00a0\u00bb, qui ne se sont \u00e9loign\u00e9s de l&rsquo;\u00c9glise, qui sont sensibles \u00e0 la crise en cours et que cette derni\u00e8re d\u00e9sempare et angoisse. Ils y trouvent quelque chose qu&rsquo;ils avaient perdu en cours de route : l&rsquo;esp\u00e9rance.<\/p>\n\n\n\n<p>l&rsquo;\u00c9glise a des ressources infinies \u00e0 offrir par la pri\u00e8re, la DSE, la Bible elle-m\u00eame ; et \u00e0 faire partager.<\/p>\n\n\n\n<h2 class=\"wp-block-heading\">Questionnement<\/h2>\n\n\n\n<h3 class=\"wp-block-heading\">Comment toucher tous les paroissiens ?<\/h3>\n\n\n\n<p>Au-del\u00e0 de la question du jour, du cr\u00e9neau pour proposer les \u00e9v\u00e9nements ; je ressens un besoin <strong>d&rsquo;intelligence collective<\/strong> sur le sujet, de sentir que nous ne sommes pas que 7 \u00e0 \u00eatre pr\u00e9occup\u00e9s par notre conversion propre, et inquiets de ne pas voir venir celle des autres.<\/p>\n\n\n\n<h3 class=\"wp-block-heading\">J&rsquo;identifie plusieurs barri\u00e8res :<\/h3>\n\n\n\n<ol class=\"wp-block-list\">\n<li>Une <strong>barri\u00e8re intellectuelle<\/strong>, c&rsquo;est par l&rsquo;\u00e9crit, les expos\u00e9s et les temps de partage en petit groupe sur base de lecture, de confrontation aux sujets que j&rsquo;ai l&rsquo;impression de pouvoir communiquer sur l&rsquo;entrelacement des questions environnementales et sociales. Ce format exclut de facto une large part de l&rsquo;assembl\u00e9e qui approche Dieu autrement.<\/li>\n\n\n\n<li>Une <strong>barri\u00e8re de classe sociale<\/strong> et de couleur (qui se retrouve dans les groupes de travail Laudato Si&rsquo; du 18e et du 13e)<\/li>\n\n\n\n<li>Une<strong> barri\u00e8re de bord politique,<\/strong> pour de nombreux catholiques il y a un amalgame entre \u00e9cologie int\u00e9grale et Europe-Ecologie-Les-Verts &amp; la Gauche. L&rsquo;\u00e9cologie int\u00e9grale n&rsquo;est pas \u00ab\u00a0de gauche\u00a0\u00bb, n&rsquo;est pas li\u00e9e \u00e0 un progressisme social \u00e0 tout va, elle inclut l&rsquo;Ecologie Humaine (le rapport au corps, sa marchandisation, la fin de vie, sa dignit\u00e9 \u00e0 tout moment) ; en revanche il est \u00e9vident qu&rsquo;elle est plus que critique sur le syst\u00e8me \u00e9conomico-politique qui sert une (grande?) partie de nos paroissiens mais qui en fragilise en grand nombre \u00e9galement.<\/li>\n<\/ol>\n\n\n\n<figure class=\"wp-block-image size-large\"><a href=\"https:\/\/sjbb.fr\/wp-content\/uploads\/2022\/11\/Loue-sois-tu.jpg\"><img loading=\"lazy\" decoding=\"async\" width=\"647\" height=\"1024\" src=\"https:\/\/sjbb.fr\/wp-content\/uploads\/2022\/11\/Loue-sois-tu-647x1024.jpg\" alt=\"\" class=\"wp-image-16430\" srcset=\"https:\/\/sjbb.fr\/wp-content\/uploads\/2022\/11\/Loue-sois-tu-647x1024.jpg 647w, https:\/\/sjbb.fr\/wp-content\/uploads\/2022\/11\/Loue-sois-tu-190x300.jpg 190w, https:\/\/sjbb.fr\/wp-content\/uploads\/2022\/11\/Loue-sois-tu-768x1215.jpg 768w, https:\/\/sjbb.fr\/wp-content\/uploads\/2022\/11\/Loue-sois-tu-971x1536.jpg 971w, https:\/\/sjbb.fr\/wp-content\/uploads\/2022\/11\/Loue-sois-tu-900x1424.jpg 900w, https:\/\/sjbb.fr\/wp-content\/uploads\/2022\/11\/Loue-sois-tu-15x24.jpg 15w, https:\/\/sjbb.fr\/wp-content\/uploads\/2022\/11\/Loue-sois-tu-23x36.jpg 23w, https:\/\/sjbb.fr\/wp-content\/uploads\/2022\/11\/Loue-sois-tu-30x48.jpg 30w, https:\/\/sjbb.fr\/wp-content\/uploads\/2022\/11\/Loue-sois-tu.jpg 1011w\" sizes=\"auto, (max-width: 647px) 100vw, 647px\" \/><\/a><\/figure>\n","protected":false},"excerpt":{"rendered":"<p>Questions pos\u00e9s au conseil Pastoral de Saint Jean Baptiste de Belleville Enjeux Arriver \u00e0 communiquer aux paroissiens l&rsquo;enjeu \u00e9norme de conversion spirituelle que repr\u00e9sente la crise totale, spirituelle &#8211; sociale &#8211; environnementale, que nous traversons : Que cette crise nous invite \u00e0 questionner individuellement notre rapport \u00e0 la Cr\u00e9ation, \u00e0 son Cr\u00e9ateur, aux autres et [&hellip;]<\/p>\n","protected":false},"author":11,"featured_media":8670,"parent":0,"menu_order":0,"comment_status":"closed","ping_status":"closed","template":"","meta":{"footnotes":""},"class_list":["post-16429","page","type-page","status-publish","has-post-thumbnail","hentry"],"jetpack_sharing_enabled":true,"_links":{"self":[{"href":"https:\/\/sjbb.fr\/index.php\/wp-json\/wp\/v2\/pages\/16429","targetHints":{"allow":["GET"]}}],"collection":[{"href":"https:\/\/sjbb.fr\/index.php\/wp-json\/wp\/v2\/pages"}],"about":[{"href":"https:\/\/sjbb.fr\/index.php\/wp-json\/wp\/v2\/types\/page"}],"author":[{"embeddable":true,"href":"https:\/\/sjbb.fr\/index.php\/wp-json\/wp\/v2\/users\/11"}],"replies":[{"embeddable":true,"href":"https:\/\/sjbb.fr\/index.php\/wp-json\/wp\/v2\/comments?post=16429"}],"version-history":[{"count":1,"href":"https:\/\/sjbb.fr\/index.php\/wp-json\/wp\/v2\/pages\/16429\/revisions"}],"predecessor-version":[{"id":18896,"href":"https:\/\/sjbb.fr\/index.php\/wp-json\/wp\/v2\/pages\/16429\/revisions\/18896"}],"wp:featuredmedia":[{"embeddable":true,"href":"https:\/\/sjbb.fr\/index.php\/wp-json\/wp\/v2\/media\/8670"}],"wp:attachment":[{"href":"https:\/\/sjbb.fr\/index.php\/wp-json\/wp\/v2\/media?parent=16429"}],"curies":[{"name":"wp","href":"https:\/\/api.w.org\/{rel}","templated":true}]}}