{"id":262,"date":"2015-11-05T23:49:55","date_gmt":"2015-11-05T22:49:55","guid":{"rendered":"http:\/\/sjbb.fr\/?page_id=262"},"modified":"2018-09-22T17:38:36","modified_gmt":"2018-09-22T16:38:36","slug":"service-de-la-liturgie","status":"publish","type":"page","link":"https:\/\/sjbb.fr\/index.php\/service-de-la-liturgie\/","title":{"rendered":"SERVIR LA LITURGIE"},"content":{"rendered":"<h4><a href=\"http:\/\/sjbb.fr\/index.php\/servants-dautel-servantes-de-lassemblee\/\">Servants de Messe<\/a><\/h4>\n<p style=\"text-align: justify;\"><em><a href=\"http:\/\/sjbb.fr\/wp-content\/uploads\/2015\/11\/WP_002047.jpg\" rel=\"attachment wp-att-117\"><img loading=\"lazy\" decoding=\"async\" class=\" wp-image-117 alignleft\" src=\"http:\/\/sjbb.fr\/wp-content\/uploads\/2015\/11\/WP_002047-300x225.jpg\" alt=\"WP_002047\" width=\"181\" height=\"138\" \/><\/a><\/em>Pour les jeunes gar\u00e7ons de 7 \u00e0 18 ans pour se former \u00e0 la liturgie, servir la messe et vivre fraternellement.<\/p>\n<h4><a href=\"http:\/\/sjbb.fr\/index.php\/servants-dautel-servantes-de-lassemblee\/\">Groupe \u00ab MAGNIFICAT<\/a><\/h4>\n<p style=\"text-align: justify;\"><strong><em><a href=\"http:\/\/sjbb.fr\/wp-content\/uploads\/2015\/11\/SJB_MESSE_KV_210914_016BB.jpg\" rel=\"attachment wp-att-138\"><img loading=\"lazy\" decoding=\"async\" class=\" wp-image-138 alignright\" src=\"http:\/\/sjbb.fr\/wp-content\/uploads\/2015\/11\/SJB_MESSE_KV_210914_016BB-300x202.jpg\" alt=\"SJB_MESSE_KV_210914_016BB\" width=\"218\" height=\"150\" \/><\/a><\/em><\/strong><br \/>\nPour les jeunes filles de 7 \u00e0 18 ans pour accueillir et aider l\u2019assembl\u00e9e \u00e0 mieux prier, pour transmettre \u00e0 tous, la paix re\u00e7ue du Christ.<\/p>\n<h4>Chorale<\/h4>\n<p style=\"text-align: justify;\"><strong><a href=\"http:\/\/sjbb.fr\/wp-content\/uploads\/2015\/11\/O6sv5gTJL-q46fnxPoTD7Gb3i1JAQ2J4BCox33OW7fErGfWhOirsKgZwsTdGya0bh-DfMSyKaWI1-sZzgq6t4M.jpg\" rel=\"attachment wp-att-28\"><img loading=\"lazy\" decoding=\"async\" class=\"wp-image-28 alignleft\" src=\"http:\/\/sjbb.fr\/wp-content\/uploads\/2015\/11\/O6sv5gTJL-q46fnxPoTD7Gb3i1JAQ2J4BCox33OW7fErGfWhOirsKgZwsTdGya0bh-DfMSyKaWI1-sZzgq6t4M-300x199.jpg\" alt=\"O6sv5gTJL-q46fnxPoTD7Gb3i1JAQ2J4BCox33OW7fE,rGfWhOirsKgZwsTdGya0bh-DfMSyKaWI1-sZzgq6t4M\" width=\"241\" height=\"164\" \/><\/a><\/strong>La chorale paroissiale intervient g\u00e9n\u00e9ralement \u00e0 la messe de 11 heures deux ou trois dimanche par mois (hors vacances scolaires) et pour les principales f\u00eates de l&rsquo;ann\u00e9e liturgique.<br \/>\nEt qu&rsquo;elle r\u00e9p\u00e8te chaque jeudi soir de 20h30 \u00e0 22h (hors vacances scolaires) et avant les messes o\u00f9 elle intervient de 10 h \u00e0 11 h le dimanche.<br \/>\n<strong> <span style=\"color: #800000;\">Contact : M. Bernard BONNET<\/span><\/strong><br \/>\n<strong> <span style=\"color: #800000;\">T\u00e9l. : 01 42 08 54 54<\/span><\/strong><\/p>\n<h4>Art floral liturgique<\/h4>\n<p style=\"text-align: justify;\"><strong><em><a href=\"http:\/\/sjbb.fr\/wp-content\/uploads\/2015\/11\/SJB_LACENEFLOW_KV_280313_004B.jpg\" rel=\"attachment wp-att-112\"><img loading=\"lazy\" decoding=\"async\" class=\"wp-image-112 alignright\" src=\"http:\/\/sjbb.fr\/wp-content\/uploads\/2015\/11\/SJB_LACENEFLOW_KV_280313_004B-300x199.jpg\" alt=\"SJB_LACENEFLOW_KV_280313_004B\" width=\"201\" height=\"136\" \/><\/a><\/em><\/strong><br \/>\nLa d\u00e9coration florale de l\u2019\u00e9glise est prise en charge par l\u2019\u00e9quipe florale qui se retrouve le samedi matin dans l\u2019\u00e9glise paroissiale.<br \/>\n<strong> <span style=\"color: #800000;\">Contact : Jean Louis SALMON<\/span><\/strong><br \/>\n<strong> <span style=\"color: #800000;\">T\u00e9l. : 01 42 08 54 54<\/span><\/strong><\/p>\n","protected":false},"excerpt":{"rendered":"<p>Servants de Messe Pour les jeunes gar\u00e7ons de 7 \u00e0 18 ans pour se former \u00e0 la liturgie, servir la messe et vivre fraternellement. Groupe \u00ab MAGNIFICAT Pour les jeunes filles de 7 \u00e0 18 ans pour accueillir et aider l\u2019assembl\u00e9e \u00e0 mieux prier, pour transmettre \u00e0 tous, la paix re\u00e7ue du Christ. Chorale La [&hellip;]<\/p>\n","protected":false},"author":1,"featured_media":0,"parent":0,"menu_order":0,"comment_status":"closed","ping_status":"closed","template":"","meta":{"footnotes":""},"class_list":["post-262","page","type-page","status-publish","hentry"],"jetpack_sharing_enabled":true,"_links":{"self":[{"href":"https:\/\/sjbb.fr\/index.php\/wp-json\/wp\/v2\/pages\/262","targetHints":{"allow":["GET"]}}],"collection":[{"href":"https:\/\/sjbb.fr\/index.php\/wp-json\/wp\/v2\/pages"}],"about":[{"href":"https:\/\/sjbb.fr\/index.php\/wp-json\/wp\/v2\/types\/page"}],"author":[{"embeddable":true,"href":"https:\/\/sjbb.fr\/index.php\/wp-json\/wp\/v2\/users\/1"}],"replies":[{"embeddable":true,"href":"https:\/\/sjbb.fr\/index.php\/wp-json\/wp\/v2\/comments?post=262"}],"version-history":[{"count":0,"href":"https:\/\/sjbb.fr\/index.php\/wp-json\/wp\/v2\/pages\/262\/revisions"}],"wp:attachment":[{"href":"https:\/\/sjbb.fr\/index.php\/wp-json\/wp\/v2\/media?parent=262"}],"curies":[{"name":"wp","href":"https:\/\/api.w.org\/{rel}","templated":true}]}}