{"id":389,"date":"2015-12-15T19:41:16","date_gmt":"2015-12-15T18:41:16","guid":{"rendered":"http:\/\/sjbb.fr\/?page_id=389"},"modified":"2019-07-10T16:25:01","modified_gmt":"2019-07-10T15:25:01","slug":"le-caritatif","status":"publish","type":"page","link":"https:\/\/sjbb.fr\/index.php\/le-caritatif\/","title":{"rendered":"LE CARITATIF"},"content":{"rendered":"<h6 style=\"text-align: center;\"><div class=\"gca-column one-half first\"><strong><a href=\"http:\/\/sjbb.fr\/index.php\/ccfd-terre-solidaire\/\">CCFD-Terre Solidaire<\/a><\/strong><\/div>\n<div class=\"gca-column one-half\">Accueil Fessart<\/div><\/h6>\n<p style=\"text-align: center;\"><div class=\"gca-column one-half first\"><a href=\"http:\/\/sjbb.fr\/index.php\/ccfd-terre-solidaire\/\"><img loading=\"lazy\" decoding=\"async\" class=\"alignnone size-medium wp-image-4359\" src=\"http:\/\/sjbb.fr\/wp-content\/uploads\/2015\/12\/CCFD-logo-300x91.jpg\" alt=\"\" width=\"300\" height=\"91\" \/><\/a><\/div>\n<div class=\"gca-column one-half\"><a href=\"http:\/\/sjbb.fr\/index.php\/accueil-fessart-secours-catholique\/\"><img loading=\"lazy\" decoding=\"async\" class=\"alignnone wp-image-6372\" src=\"http:\/\/sjbb.fr\/wp-content\/uploads\/2019\/07\/MursdePapiers2-e1562770177914-300x169.jpeg\" alt=\"\" width=\"250\" height=\"141\" \/><\/a><\/div>\n<p style=\"text-align: justify;\"><strong>Des associations ou mouvements caritatifs<\/strong>, li\u00e9s, d\u2019une mani\u00e8re ou d\u2019une autre, \u00e0 notre paroisse sont actifs sur le territoire Bellevillois :<a href=\"http:\/\/sjbb.fr\/wp-content\/uploads\/2015\/11\/DSCN6805.jpg\" rel=\"attachment wp-att-79\"><img loading=\"lazy\" decoding=\"async\" class=\"aligncenter size-medium wp-image-79\" src=\"http:\/\/sjbb.fr\/wp-content\/uploads\/2015\/11\/DSCN6805-243x300.jpg\" alt=\"DSCN6805\" width=\"243\" height=\"300\" \/><\/a><\/p>\n<p style=\"text-align: justify;\">Chacune de ces institutions participe, \u00e0 sa fa\u00e7on, \u00e0 la mission dont le Saint-P\u00e8re a d\u00e9j\u00e0 bien souvent soulign\u00e9 l\u2019importance tr\u00e8s grande qu\u2019il y attache\u00a0: \u00eatre l\u2019\u00c9glise hors les murs, l\u2019\u00c9glise \u00e0 la p\u00e9riph\u00e9rie.<\/p>\n<p style=\"text-align: justify;\">Chacune a ses modes de fonctionnement particuliers et ses objets sp\u00e9cifiques. Elles ont cependant toutes en commun, d\u2019une part, d\u2019\u00eatre au service de personnes en difficult\u00e9, d\u2019autre part, de fonctionner gr\u00e2ce \u00e0 l\u2019engagement personnel de b\u00e9n\u00e9voles sans lesquels elles ne pourraient rien.<\/p>\n<p style=\"text-align: justify;\">Sans eux, les \u00e9quipes seraient oblig\u00e9es de restreindre leurs champs d\u2019intervention, sans doute m\u00eame de renoncer \u00e0 des pans entiers de leurs activit\u00e9s, sauf \u00e0 faire peser des charges excessives \u00e0 ceux qui restent.<\/p>\n<p style=\"text-align: justify;\">Il est donc essentiel pour le fonctionnement des \u00e9quipes, voire pour leur simple survie, que le vivier des b\u00e9n\u00e9voles se renouvelle r\u00e9guli\u00e8rement. <strong>Vous y serez donc les bienvenus.<\/strong><\/p>\n","protected":false},"excerpt":{"rendered":"<p>Des associations ou mouvements caritatifs, li\u00e9s, d\u2019une mani\u00e8re ou d\u2019une autre, \u00e0 notre paroisse sont actifs sur le territoire Bellevillois : Chacune de ces institutions participe, \u00e0 sa fa\u00e7on, \u00e0 la mission dont le Saint-P\u00e8re a d\u00e9j\u00e0 bien souvent soulign\u00e9 l\u2019importance tr\u00e8s grande qu\u2019il y attache\u00a0: \u00eatre l\u2019\u00c9glise hors les murs, l\u2019\u00c9glise \u00e0 la p\u00e9riph\u00e9rie. [&hellip;]<\/p>\n","protected":false},"author":1,"featured_media":0,"parent":0,"menu_order":0,"comment_status":"closed","ping_status":"closed","template":"","meta":{"footnotes":""},"class_list":["post-389","page","type-page","status-publish","hentry"],"jetpack_sharing_enabled":true,"_links":{"self":[{"href":"https:\/\/sjbb.fr\/index.php\/wp-json\/wp\/v2\/pages\/389","targetHints":{"allow":["GET"]}}],"collection":[{"href":"https:\/\/sjbb.fr\/index.php\/wp-json\/wp\/v2\/pages"}],"about":[{"href":"https:\/\/sjbb.fr\/index.php\/wp-json\/wp\/v2\/types\/page"}],"author":[{"embeddable":true,"href":"https:\/\/sjbb.fr\/index.php\/wp-json\/wp\/v2\/users\/1"}],"replies":[{"embeddable":true,"href":"https:\/\/sjbb.fr\/index.php\/wp-json\/wp\/v2\/comments?post=389"}],"version-history":[{"count":0,"href":"https:\/\/sjbb.fr\/index.php\/wp-json\/wp\/v2\/pages\/389\/revisions"}],"wp:attachment":[{"href":"https:\/\/sjbb.fr\/index.php\/wp-json\/wp\/v2\/media?parent=389"}],"curies":[{"name":"wp","href":"https:\/\/api.w.org\/{rel}","templated":true}]}}