{"id":546,"date":"2016-01-12T19:34:26","date_gmt":"2016-01-12T18:34:26","guid":{"rendered":"http:\/\/sjbb.fr\/?page_id=546"},"modified":"2016-07-20T21:41:23","modified_gmt":"2016-07-20T20:41:23","slug":"les-orgues","status":"publish","type":"page","link":"https:\/\/sjbb.fr\/index.php\/les-orgues\/","title":{"rendered":"LES ORGUES"},"content":{"rendered":"<h1 id=\"firstHeading\" class=\"firstHeading\"><span style=\"color: #800000;\">Les Orgues de Saint Jean-Baptiste de Belleville<\/span><\/h1>\n<div id=\"bodyContent\">\n<p>L&rsquo;\u00e9glise Saint Jean-Baptiste de Belleville dispose d\u00e8s sa cons\u00e9cration en 1860 d&rsquo;un <b><a title=\"\" href=\"http:\/\/www.sjbb-paris.cef.fr\/index.php\/Les_Orgues_de_Saint_Jean-Baptiste_de_Belleville#_Orgue_de_Ch.C5.93ur_Suret\">orgue de ch\u0153ur<\/a><\/b>.<br \/>\nQuatre ann\u00e9es plus tard, en 1863, Cavaill\u00e9-Coll installe le <b><a title=\"\" href=\"http:\/\/www.sjbb-paris.cef.fr\/index.php\/Les_Orgues_de_Saint_Jean-Baptiste_de_Belleville#Grand-Orgue_Cavaill.C3.A9-Coll\">grand-orgue<\/a><\/b>.<\/p>\n<h6><a href=\"http:\/\/sjbb.fr\/wp-content\/uploads\/2016\/07\/ParSJBdB06.jpg\" rel=\"attachment wp-att-2172\"><img loading=\"lazy\" decoding=\"async\" class=\"aligncenter size-full wp-image-2172\" src=\"http:\/\/sjbb.fr\/wp-content\/uploads\/2016\/07\/ParSJBdB06.jpg\" alt=\"ParSJBdB06\" width=\"566\" height=\"407\" \/><\/a><\/h6>\n<h6><b>Notre Grand-Orgue en tribune construit par Aristide Cavaill\u00e9-Coll en 1863.<\/b><\/h6>\n<h2><span class=\"mw-headline\" style=\"color: #800000;\">Le Grand-Orgue Cavaill\u00e9-Coll <\/span><\/h2>\n<p><big><b>Le grand-orgue en tribune est l&rsquo;\u0153uvre du facteur d&rsquo;orgue <a class=\"external text\" title=\"http:\/\/fr.wikipedia.org\/wiki\/Aristide_Cavaill\u00e9-Coll\" href=\"http:\/\/fr.wikipedia.org\/wiki\/Aristide_Cavaill%C3%A9-Coll\" target=\"_blank\" rel=\"nofollow\">Aristide Cavaill\u00e9-Coll\u00a0<\/a>\u00a0 (1811-1899).<\/b><\/big><\/p>\n<p>Construit en 1863, il est r\u00e9guli\u00e8rement entretenu et r\u00e9nov\u00e9, notamment en 1960 par <a class=\"external text\" title=\"http:\/\/fr.wikipedia.org\/wiki\/Edmond_Alexandre_Roethinger\" href=\"http:\/\/fr.wikipedia.org\/wiki\/Edmond_Alexandre_Roethinger\" target=\"_blank\" rel=\"nofollow\">Roethinger<\/a>, en 1976 par Beuchet-Debierre et en 2003 par Dargassies.<br \/>\nIl dispose de deux claviers de cinquante-six notes et d&rsquo;un p\u00e9dalier de trente notes. Ses transmissions contr\u00f4lant vingt-deux jeux sont aujourd&rsquo;hui \u00e9lectriques.<br \/>\n<i><b>La composition du grand-orgue<\/b> est la suivante\u00a0:<\/i><\/p>\n<table border=\"2px\" cellspacing=\"5px\" cellpadding=\"4px\">\n<tbody>\n<tr>\n<td><b>Grand-Orgue\u00a0:<\/b><\/td>\n<td><b>R\u00e9cit expressif\u00a0:<\/b><\/td>\n<td><b>P\u00e9dale\u00a0:<\/b><\/td>\n<\/tr>\n<tr>\n<td>\n<table>\n<tbody>\n<tr>\n<td>Bourdon<\/td>\n<td align=\"right\">16<\/td>\n<td>pieds<\/td>\n<\/tr>\n<tr>\n<td>Montre<\/td>\n<td align=\"right\">8<\/td>\n<td>pieds<\/td>\n<\/tr>\n<tr>\n<td>Bourdon<\/td>\n<td align=\"right\">8<\/td>\n<td>pieds<\/td>\n<\/tr>\n<tr>\n<td>Fl\u00fbte harmonique<\/td>\n<td align=\"right\">8<\/td>\n<td>pieds<\/td>\n<\/tr>\n<tr>\n<td>Salicional<\/td>\n<td align=\"right\">8<\/td>\n<td>pieds<\/td>\n<\/tr>\n<tr>\n<td>Prestant<\/td>\n<td align=\"right\">4<\/td>\n<td>pieds<\/td>\n<\/tr>\n<tr>\n<td>Doublette<\/td>\n<td align=\"right\">2<\/td>\n<td>pieds<\/td>\n<\/tr>\n<tr>\n<td>Fourniture<\/td>\n<td align=\"right\">4<\/td>\n<td>registres<\/td>\n<\/tr>\n<tr>\n<td>Cymbale<\/td>\n<td align=\"right\">3<\/td>\n<td>registres<\/td>\n<\/tr>\n<tr>\n<td>Trompette<\/td>\n<td align=\"right\">8<\/td>\n<td>pieds<\/td>\n<\/tr>\n<tr>\n<td>Clairon<\/td>\n<td align=\"right\">4<\/td>\n<td>pieds<\/td>\n<\/tr>\n<\/tbody>\n<\/table>\n<\/td>\n<td>\n<table>\n<tbody>\n<tr>\n<td>Cor de nuit<\/td>\n<td align=\"right\">8<\/td>\n<td>pieds<\/td>\n<\/tr>\n<tr>\n<td>Gambe<\/td>\n<td align=\"right\">8<\/td>\n<td>pieds<\/td>\n<\/tr>\n<tr>\n<td>Voix c\u00e9leste<\/td>\n<\/tr>\n<tr>\n<td>Fl\u00fbte<\/td>\n<td align=\"right\">4<\/td>\n<td>pieds<\/td>\n<\/tr>\n<tr>\n<td>Doublette<\/td>\n<td align=\"right\">2<\/td>\n<td>pieds<\/td>\n<\/tr>\n<tr>\n<td>Trompette<\/td>\n<td align=\"right\">8<\/td>\n<td>pieds<\/td>\n<\/tr>\n<tr>\n<td>Hautbois<\/td>\n<td align=\"right\">8<\/td>\n<td>pieds<\/td>\n<\/tr>\n<\/tbody>\n<\/table>\n<\/td>\n<td>\n<table>\n<tbody>\n<tr>\n<td>Fl\u00fbte<\/td>\n<td align=\"right\">16<\/td>\n<td>pieds<\/td>\n<\/tr>\n<tr>\n<td>Fl\u00fbte<\/td>\n<td align=\"right\">8<\/td>\n<td>pieds<\/td>\n<\/tr>\n<tr>\n<td>Bombarde<\/td>\n<td align=\"right\">16<\/td>\n<td>pieds<\/td>\n<\/tr>\n<tr>\n<td>Trompette<\/td>\n<td align=\"right\">8<\/td>\n<td>pieds<\/td>\n<\/tr>\n<\/tbody>\n<\/table>\n<\/td>\n<\/tr>\n<\/tbody>\n<\/table>\n<p><i>Accouplements\u00a0:<\/i>\u00a0 r\u00e9cit et grand-orgue en 16, 8 et 4 pieds.<br \/>\n<i>Tirasses\u00a0:<\/i>\u00a0 grand-orgue, r\u00e9cit crescendo g\u00e9n\u00e9ral.<br \/>\n<i>Appel d&rsquo;anches\u00a0:<\/i>\u00a0 sur les trois claviers. Tutti.<\/p>\n<p style=\"text-align: center;\"><strong>l&rsquo;actuel titulaire est M. Laurent JOCHUM<\/strong><\/p>\n<p><a href=\"http:\/\/sjbb.fr\/wp-content\/uploads\/2016\/07\/014.jpg\" rel=\"attachment wp-att-2173\"><img loading=\"lazy\" decoding=\"async\" class=\"alignnone wp-image-2173 size-full\" src=\"http:\/\/sjbb.fr\/wp-content\/uploads\/2016\/07\/014.jpg\" alt=\"014\" width=\"225\" height=\"300\" \/><\/a><a href=\"http:\/\/sjbb.fr\/wp-content\/uploads\/2016\/07\/006.jpg\" rel=\"attachment wp-att-2174\"><img loading=\"lazy\" decoding=\"async\" class=\"alignnone wp-image-2174 size-full\" src=\"http:\/\/sjbb.fr\/wp-content\/uploads\/2016\/07\/006.jpg\" alt=\"006\" width=\"225\" height=\"300\" \/><\/a><\/p>\n<h2><span class=\"mw-headline\" style=\"color: #800000;\"><b>Orgue de Ch\u0153ur<\/b> <\/span><\/h2>\n<p><big><b>L&rsquo;orgue de ch\u0153ur est l&rsquo;\u0153uvre d&rsquo;Antoine-Louis Suret (1807-1876).<\/b><\/big><\/p>\n<p>Il dispose de deux claviers de cinquante-quatre notes et d&rsquo;un p\u00e9dalier de dix-huit notes.<br \/>\nSes transmissions qui contr\u00f4lent les treize jeux sont m\u00e9caniques.<br \/>\n<i><b>La composition de notre orgue de ch\u0153ur<\/b> est la suivante\u00a0:<\/i><\/p>\n<table border=\"2px\" cellspacing=\"5px\" cellpadding=\"4px\">\n<tbody>\n<tr>\n<td><b>Grand-Orgue\u00a0:<\/b><\/td>\n<td><b>R\u00e9cit expressif\u00a0:<\/b><\/td>\n<td><b>P\u00e9dale\u00a0:<\/b><\/td>\n<\/tr>\n<tr>\n<td>\n<table>\n<tbody>\n<tr>\n<td>Bourdon<\/td>\n<td align=\"right\">16<\/td>\n<td>pieds<\/td>\n<\/tr>\n<tr>\n<td>Montre<\/td>\n<td align=\"right\">8<\/td>\n<td>pieds<\/td>\n<\/tr>\n<tr>\n<td>Bourdon<\/td>\n<td align=\"right\">8<\/td>\n<td>pieds<\/td>\n<\/tr>\n<tr>\n<td>Gambe<\/td>\n<td align=\"right\">8<\/td>\n<td>pieds<\/td>\n<\/tr>\n<tr>\n<td>Prestant<\/td>\n<td align=\"right\">4<\/td>\n<td>pieds<\/td>\n<\/tr>\n<tr>\n<td>Trompette<\/td>\n<td align=\"right\">8<\/td>\n<td>pieds<\/td>\n<\/tr>\n<tr>\n<td>Clairon<\/td>\n<td align=\"right\">4<\/td>\n<td>pieds<\/td>\n<\/tr>\n<\/tbody>\n<\/table>\n<\/td>\n<td>\n<table>\n<tbody>\n<tr>\n<td>Fl\u00fbte<\/td>\n<td align=\"right\">8<\/td>\n<td>pieds<\/td>\n<\/tr>\n<tr>\n<td>K\u00e9rolophone<\/td>\n<td align=\"right\">8<\/td>\n<td>pieds<\/td>\n<\/tr>\n<tr>\n<td>Fl\u00fbte octaviante<\/td>\n<td align=\"right\">4<\/td>\n<td>pieds<\/td>\n<\/tr>\n<tr>\n<td>Unda maris<\/td>\n<td align=\"right\">8<\/td>\n<td>pieds<\/td>\n<\/tr>\n<tr>\n<td>Trompette<\/td>\n<td align=\"right\">8<\/td>\n<td>pieds<\/td>\n<\/tr>\n<tr>\n<td>Hautbois<\/td>\n<td align=\"right\">8<\/td>\n<td>pieds<\/td>\n<\/tr>\n<\/tbody>\n<\/table>\n<\/td>\n<td>\n<table>\n<tbody>\n<tr>\n<td>Tirasse<\/td>\n<\/tr>\n<\/tbody>\n<\/table>\n<\/td>\n<\/tr>\n<\/tbody>\n<\/table>\n<p><i>Accouplement\u00a0:<\/i>\u00a0 r\u00e9cit et grand-orgue.<\/p>\n<\/div>\n<p><b>L&rsquo;Orgue de Ch\u0153ur construit par Antoine-Louis Suret en 1859.<\/b><\/p>\n<p><a href=\"http:\/\/sjbb.fr\/wp-content\/uploads\/2016\/07\/images.jpg\" rel=\"attachment wp-att-2179\"><img loading=\"lazy\" decoding=\"async\" class=\"aligncenter wp-image-2179\" src=\"http:\/\/sjbb.fr\/wp-content\/uploads\/2016\/07\/images.jpg\" alt=\"images\" width=\"452\" height=\"299\" \/><\/a><\/p>\n","protected":false},"excerpt":{"rendered":"<p>Les Orgues de Saint Jean-Baptiste de Belleville L&rsquo;\u00e9glise Saint Jean-Baptiste de Belleville dispose d\u00e8s sa cons\u00e9cration en 1860 d&rsquo;un orgue de ch\u0153ur. Quatre ann\u00e9es plus tard, en 1863, Cavaill\u00e9-Coll installe le grand-orgue. Notre Grand-Orgue en tribune construit par Aristide Cavaill\u00e9-Coll en 1863. Le Grand-Orgue Cavaill\u00e9-Coll Le grand-orgue en tribune est l&rsquo;\u0153uvre du facteur d&rsquo;orgue Aristide [&hellip;]<\/p>\n","protected":false},"author":1,"featured_media":0,"parent":0,"menu_order":0,"comment_status":"closed","ping_status":"closed","template":"","meta":{"footnotes":""},"class_list":["post-546","page","type-page","status-publish","hentry"],"jetpack_sharing_enabled":true,"_links":{"self":[{"href":"https:\/\/sjbb.fr\/index.php\/wp-json\/wp\/v2\/pages\/546","targetHints":{"allow":["GET"]}}],"collection":[{"href":"https:\/\/sjbb.fr\/index.php\/wp-json\/wp\/v2\/pages"}],"about":[{"href":"https:\/\/sjbb.fr\/index.php\/wp-json\/wp\/v2\/types\/page"}],"author":[{"embeddable":true,"href":"https:\/\/sjbb.fr\/index.php\/wp-json\/wp\/v2\/users\/1"}],"replies":[{"embeddable":true,"href":"https:\/\/sjbb.fr\/index.php\/wp-json\/wp\/v2\/comments?post=546"}],"version-history":[{"count":0,"href":"https:\/\/sjbb.fr\/index.php\/wp-json\/wp\/v2\/pages\/546\/revisions"}],"wp:attachment":[{"href":"https:\/\/sjbb.fr\/index.php\/wp-json\/wp\/v2\/media?parent=546"}],"curies":[{"name":"wp","href":"https:\/\/api.w.org\/{rel}","templated":true}]}}