{"id":7755,"date":"2022-11-18T05:30:00","date_gmt":"2022-11-18T04:30:00","guid":{"rendered":"https:\/\/sjbb.fr\/?page_id=7755"},"modified":"2026-09-03T13:00:34","modified_gmt":"2026-09-03T12:00:34","slug":"bienvenue","status":"publish","type":"page","link":"https:\/\/sjbb.fr\/","title":{"rendered":"Bienvenue"},"content":{"rendered":"\n<figure class=\"wp-block-image size-large\"><a href=\"https:\/\/sjbb.fr\/index.php\/deniers-en-ligne\/\"><img loading=\"lazy\" decoding=\"async\" width=\"1024\" height=\"220\" src=\"https:\/\/sjbb.fr\/wp-content\/uploads\/2023\/10\/LogoDenierDuCulte-2-1024x220.jpg\" alt=\"\" class=\"wp-image-17387\" srcset=\"https:\/\/sjbb.fr\/wp-content\/uploads\/2023\/10\/LogoDenierDuCulte-2-1024x220.jpg 1024w, https:\/\/sjbb.fr\/wp-content\/uploads\/2023\/10\/LogoDenierDuCulte-2-300x64.jpg 300w, https:\/\/sjbb.fr\/wp-content\/uploads\/2023\/10\/LogoDenierDuCulte-2-768x165.jpg 768w, https:\/\/sjbb.fr\/wp-content\/uploads\/2023\/10\/LogoDenierDuCulte-2-1536x329.jpg 1536w, https:\/\/sjbb.fr\/wp-content\/uploads\/2023\/10\/LogoDenierDuCulte-2-900x193.jpg 900w, https:\/\/sjbb.fr\/wp-content\/uploads\/2023\/10\/LogoDenierDuCulte-2-1280x274.jpg 1280w, https:\/\/sjbb.fr\/wp-content\/uploads\/2023\/10\/LogoDenierDuCulte-2-24x5.jpg 24w, https:\/\/sjbb.fr\/wp-content\/uploads\/2023\/10\/LogoDenierDuCulte-2-36x8.jpg 36w, https:\/\/sjbb.fr\/wp-content\/uploads\/2023\/10\/LogoDenierDuCulte-2-48x10.jpg 48w, https:\/\/sjbb.fr\/wp-content\/uploads\/2023\/10\/LogoDenierDuCulte-2.jpg 1950w\" sizes=\"auto, (max-width: 1024px) 100vw, 1024px\" \/><\/a><figcaption class=\"wp-element-caption\"><a href=\"https:\/\/sjbb.fr\/index.php\/deniers-en-ligne\/\">Le denier du culte<\/a><\/figcaption><\/figure>\n\n\n\n<figure class=\"wp-block-image size-large\"><a href=\"https:\/\/sjbb.fr\/index.php\/2026\/06\/05\/rentree-paroissiale-octobre-2024\/\"><img loading=\"lazy\" decoding=\"async\" width=\"1024\" height=\"337\" src=\"https:\/\/sjbb.fr\/wp-content\/uploads\/2026\/06\/SortiePraoissilae2026-1024x337.jpg\" alt=\"\" class=\"wp-image-19517\" srcset=\"https:\/\/sjbb.fr\/wp-content\/uploads\/2026\/06\/SortiePraoissilae2026-1024x337.jpg 1024w, https:\/\/sjbb.fr\/wp-content\/uploads\/2026\/06\/SortiePraoissilae2026-300x99.jpg 300w, https:\/\/sjbb.fr\/wp-content\/uploads\/2026\/06\/SortiePraoissilae2026-768x253.jpg 768w, https:\/\/sjbb.fr\/wp-content\/uploads\/2026\/06\/SortiePraoissilae2026-1536x506.jpg 1536w, https:\/\/sjbb.fr\/wp-content\/uploads\/2026\/06\/SortiePraoissilae2026-2048x675.jpg 2048w, https:\/\/sjbb.fr\/wp-content\/uploads\/2026\/06\/SortiePraoissilae2026-900x296.jpg 900w, https:\/\/sjbb.fr\/wp-content\/uploads\/2026\/06\/SortiePraoissilae2026-1280x422.jpg 1280w, https:\/\/sjbb.fr\/wp-content\/uploads\/2026\/06\/SortiePraoissilae2026-24x8.jpg 24w, https:\/\/sjbb.fr\/wp-content\/uploads\/2026\/06\/SortiePraoissilae2026-36x12.jpg 36w, https:\/\/sjbb.fr\/wp-content\/uploads\/2026\/06\/SortiePraoissilae2026-48x16.jpg 48w\" sizes=\"auto, (max-width: 1024px) 100vw, 1024px\" \/><\/a><figcaption class=\"wp-element-caption\"><a href=\"https:\/\/sjbb.fr\/index.php\/2026\/06\/05\/rentree-paroissiale-octobre-2024\/\">Rentr\u00e9e Paroissiale 4 octobre 2026<\/a><\/figcaption><\/figure>\n\n\n\n<figure class=\"wp-block-image size-large\"><a href=\"https:\/\/sjbb.fr\/index.php\/2026\/09\/03\/info-de-rentree-2016-2017\/\"><img loading=\"lazy\" decoding=\"async\" width=\"1024\" height=\"256\" src=\"https:\/\/sjbb.fr\/wp-content\/uploads\/2026\/06\/Saint-jean-baptiste-de-belleville-ete-2026-1024x256.jpg\" alt=\"\" class=\"wp-image-19574\" srcset=\"https:\/\/sjbb.fr\/wp-content\/uploads\/2026\/06\/Saint-jean-baptiste-de-belleville-ete-2026-1024x256.jpg 1024w, https:\/\/sjbb.fr\/wp-content\/uploads\/2026\/06\/Saint-jean-baptiste-de-belleville-ete-2026-300x75.jpg 300w, https:\/\/sjbb.fr\/wp-content\/uploads\/2026\/06\/Saint-jean-baptiste-de-belleville-ete-2026-768x192.jpg 768w, https:\/\/sjbb.fr\/wp-content\/uploads\/2026\/06\/Saint-jean-baptiste-de-belleville-ete-2026-1536x384.jpg 1536w, https:\/\/sjbb.fr\/wp-content\/uploads\/2026\/06\/Saint-jean-baptiste-de-belleville-ete-2026-2048x512.jpg 2048w, https:\/\/sjbb.fr\/wp-content\/uploads\/2026\/06\/Saint-jean-baptiste-de-belleville-ete-2026-900x225.jpg 900w, https:\/\/sjbb.fr\/wp-content\/uploads\/2026\/06\/Saint-jean-baptiste-de-belleville-ete-2026-1280x320.jpg 1280w, https:\/\/sjbb.fr\/wp-content\/uploads\/2026\/06\/Saint-jean-baptiste-de-belleville-ete-2026-24x6.jpg 24w, https:\/\/sjbb.fr\/wp-content\/uploads\/2026\/06\/Saint-jean-baptiste-de-belleville-ete-2026-36x9.jpg 36w, https:\/\/sjbb.fr\/wp-content\/uploads\/2026\/06\/Saint-jean-baptiste-de-belleville-ete-2026-48x12.jpg 48w\" sizes=\"auto, (max-width: 1024px) 100vw, 1024px\" \/><\/a><figcaption class=\"wp-element-caption\"><a href=\"https:\/\/sjbb.fr\/index.php\/2026\/09\/03\/info-de-rentree-2016-2017\/\">Infos de rentr\u00e9e septembre 2026<\/a><\/figcaption><\/figure>\n\n\n\n<figure class=\"wp-block-image size-large\"><a href=\"https:\/\/sjbb.fr\/index.php\/2026\/09\/01\/etty-rilke\/\"><img loading=\"lazy\" decoding=\"async\" width=\"1024\" height=\"256\" src=\"https:\/\/sjbb.fr\/wp-content\/uploads\/2026\/09\/EttyRilke-1024x256.jpg\" alt=\"\" class=\"wp-image-19637\" srcset=\"https:\/\/sjbb.fr\/wp-content\/uploads\/2026\/09\/EttyRilke-1024x256.jpg 1024w, https:\/\/sjbb.fr\/wp-content\/uploads\/2026\/09\/EttyRilke-300x75.jpg 300w, https:\/\/sjbb.fr\/wp-content\/uploads\/2026\/09\/EttyRilke-768x192.jpg 768w, https:\/\/sjbb.fr\/wp-content\/uploads\/2026\/09\/EttyRilke-1536x384.jpg 1536w, https:\/\/sjbb.fr\/wp-content\/uploads\/2026\/09\/EttyRilke-2048x512.jpg 2048w, https:\/\/sjbb.fr\/wp-content\/uploads\/2026\/09\/EttyRilke-900x225.jpg 900w, https:\/\/sjbb.fr\/wp-content\/uploads\/2026\/09\/EttyRilke-1280x320.jpg 1280w, https:\/\/sjbb.fr\/wp-content\/uploads\/2026\/09\/EttyRilke-24x6.jpg 24w, https:\/\/sjbb.fr\/wp-content\/uploads\/2026\/09\/EttyRilke-36x9.jpg 36w, https:\/\/sjbb.fr\/wp-content\/uploads\/2026\/09\/EttyRilke-48x12.jpg 48w\" sizes=\"auto, (max-width: 1024px) 100vw, 1024px\" \/><\/a><figcaption class=\"wp-element-caption\"><a href=\"https:\/\/sjbb.fr\/index.php\/2026\/09\/01\/etty-rilke\/\">24 septembre 20h30<\/a><\/figcaption><\/figure>\n\n\n\n<figure class=\"wp-block-image size-large\"><a href=\"https:\/\/sjbb.fr\/index.php\/2026\/06\/30\/venue-du-saint-pere-a-paris\/\"><img loading=\"lazy\" decoding=\"async\" width=\"1024\" height=\"257\" src=\"https:\/\/sjbb.fr\/wp-content\/uploads\/2026\/06\/Venue-saint-pere-1-1024x257.png\" alt=\"\" class=\"wp-image-19586\" srcset=\"https:\/\/sjbb.fr\/wp-content\/uploads\/2026\/06\/Venue-saint-pere-1-1024x257.png 1024w, https:\/\/sjbb.fr\/wp-content\/uploads\/2026\/06\/Venue-saint-pere-1-300x75.png 300w, https:\/\/sjbb.fr\/wp-content\/uploads\/2026\/06\/Venue-saint-pere-1-768x192.png 768w, https:\/\/sjbb.fr\/wp-content\/uploads\/2026\/06\/Venue-saint-pere-1-1536x385.png 1536w, https:\/\/sjbb.fr\/wp-content\/uploads\/2026\/06\/Venue-saint-pere-1-900x225.png 900w, https:\/\/sjbb.fr\/wp-content\/uploads\/2026\/06\/Venue-saint-pere-1-1280x321.png 1280w, https:\/\/sjbb.fr\/wp-content\/uploads\/2026\/06\/Venue-saint-pere-1-24x6.png 24w, https:\/\/sjbb.fr\/wp-content\/uploads\/2026\/06\/Venue-saint-pere-1-36x9.png 36w, https:\/\/sjbb.fr\/wp-content\/uploads\/2026\/06\/Venue-saint-pere-1-48x12.png 48w, https:\/\/sjbb.fr\/wp-content\/uploads\/2026\/06\/Venue-saint-pere-1.png 1920w\" sizes=\"auto, (max-width: 1024px) 100vw, 1024px\" \/><\/a><figcaption class=\"wp-element-caption\"><a href=\"https:\/\/sjbb.fr\/index.php\/2026\/06\/30\/venue-du-saint-pere-a-paris\/\">Venue du Saint P\u00e8re \u00e0 Paris<\/a><\/figcaption><\/figure>\n\n\n\n<hr class=\"wp-block-separator has-alpha-channel-opacity is-style-wide\"\/>\n\n\n\n<div class=\"wp-block-columns is-layout-flex wp-container-core-columns-is-layout-8f761849 wp-block-columns-is-layout-flex\">\n<div class=\"wp-block-column is-layout-flow wp-block-column-is-layout-flow\">\n<figure class=\"wp-block-image size-full is-style-default\"><a href=\"https:\/\/sjbb.fr\/index.php\/edito-du-cure\/\"><img loading=\"lazy\" decoding=\"async\" width=\"709\" height=\"709\" src=\"https:\/\/sjbb.fr\/wp-content\/uploads\/2023\/10\/INFO-TXT.png\" alt=\"\" class=\"wp-image-17348\" srcset=\"https:\/\/sjbb.fr\/wp-content\/uploads\/2023\/10\/INFO-TXT.png 709w, https:\/\/sjbb.fr\/wp-content\/uploads\/2023\/10\/INFO-TXT-300x300.png 300w, https:\/\/sjbb.fr\/wp-content\/uploads\/2023\/10\/INFO-TXT-150x150.png 150w, https:\/\/sjbb.fr\/wp-content\/uploads\/2023\/10\/INFO-TXT-144x144.png 144w, https:\/\/sjbb.fr\/wp-content\/uploads\/2023\/10\/INFO-TXT-88x88.png 88w, https:\/\/sjbb.fr\/wp-content\/uploads\/2023\/10\/INFO-TXT-24x24.png 24w, https:\/\/sjbb.fr\/wp-content\/uploads\/2023\/10\/INFO-TXT-36x36.png 36w, https:\/\/sjbb.fr\/wp-content\/uploads\/2023\/10\/INFO-TXT-48x48.png 48w\" sizes=\"auto, (max-width: 709px) 100vw, 709px\" \/><\/a><\/figure>\n<\/div>\n\n\n\n<div class=\"wp-block-column is-layout-flow wp-block-column-is-layout-flow\">\n<figure class=\"wp-block-image size-full is-style-default\"><a href=\"https:\/\/sjbb.fr\/index.php\/agenda\/\"><img loading=\"lazy\" decoding=\"async\" width=\"709\" height=\"771\" src=\"https:\/\/sjbb.fr\/wp-content\/uploads\/2023\/10\/AGENDA-TXT.png\" alt=\"\" class=\"wp-image-17346\" srcset=\"https:\/\/sjbb.fr\/wp-content\/uploads\/2023\/10\/AGENDA-TXT.png 709w, https:\/\/sjbb.fr\/wp-content\/uploads\/2023\/10\/AGENDA-TXT-276x300.png 276w, https:\/\/sjbb.fr\/wp-content\/uploads\/2023\/10\/AGENDA-TXT-22x24.png 22w, https:\/\/sjbb.fr\/wp-content\/uploads\/2023\/10\/AGENDA-TXT-33x36.png 33w, https:\/\/sjbb.fr\/wp-content\/uploads\/2023\/10\/AGENDA-TXT-44x48.png 44w\" sizes=\"auto, (max-width: 709px) 100vw, 709px\" \/><\/a><\/figure>\n<\/div>\n\n\n\n<div class=\"wp-block-column is-layout-flow wp-block-column-is-layout-flow\">\n<figure class=\"wp-block-image size-full is-style-default\"><a href=\"https:\/\/sjbb.fr\/index.php\/feuilles-paroissiales\/\"><img loading=\"lazy\" decoding=\"async\" width=\"709\" height=\"700\" src=\"https:\/\/sjbb.fr\/wp-content\/uploads\/2023\/10\/FIP-EDITO-TXT.png\" alt=\"\" class=\"wp-image-17349\" srcset=\"https:\/\/sjbb.fr\/wp-content\/uploads\/2023\/10\/FIP-EDITO-TXT.png 709w, https:\/\/sjbb.fr\/wp-content\/uploads\/2023\/10\/FIP-EDITO-TXT-300x296.png 300w, https:\/\/sjbb.fr\/wp-content\/uploads\/2023\/10\/FIP-EDITO-TXT-88x88.png 88w, https:\/\/sjbb.fr\/wp-content\/uploads\/2023\/10\/FIP-EDITO-TXT-24x24.png 24w, https:\/\/sjbb.fr\/wp-content\/uploads\/2023\/10\/FIP-EDITO-TXT-36x36.png 36w, https:\/\/sjbb.fr\/wp-content\/uploads\/2023\/10\/FIP-EDITO-TXT-48x48.png 48w\" sizes=\"auto, (max-width: 709px) 100vw, 709px\" \/><\/a><\/figure>\n<\/div>\n<\/div>\n\n\n\n<hr class=\"wp-block-separator has-alpha-channel-opacity is-style-wide\"\/>\n\n\n\n<figure class=\"wp-block-image size-large\"><a href=\"https:\/\/sjbb.fr\/index.php\/les-conferences\/\"><img loading=\"lazy\" decoding=\"async\" width=\"1024\" height=\"72\" src=\"https:\/\/sjbb.fr\/wp-content\/uploads\/2025\/05\/Les-conferences-SJBB-1024x72.jpg\" alt=\"\" class=\"wp-image-18656\" srcset=\"https:\/\/sjbb.fr\/wp-content\/uploads\/2025\/05\/Les-conferences-SJBB-1024x72.jpg 1024w, https:\/\/sjbb.fr\/wp-content\/uploads\/2025\/05\/Les-conferences-SJBB-300x21.jpg 300w, https:\/\/sjbb.fr\/wp-content\/uploads\/2025\/05\/Les-conferences-SJBB-768x54.jpg 768w, https:\/\/sjbb.fr\/wp-content\/uploads\/2025\/05\/Les-conferences-SJBB-1536x108.jpg 1536w, https:\/\/sjbb.fr\/wp-content\/uploads\/2025\/05\/Les-conferences-SJBB-900x64.jpg 900w, https:\/\/sjbb.fr\/wp-content\/uploads\/2025\/05\/Les-conferences-SJBB-1280x90.jpg 1280w, https:\/\/sjbb.fr\/wp-content\/uploads\/2025\/05\/Les-conferences-SJBB-24x2.jpg 24w, https:\/\/sjbb.fr\/wp-content\/uploads\/2025\/05\/Les-conferences-SJBB-36x3.jpg 36w, https:\/\/sjbb.fr\/wp-content\/uploads\/2025\/05\/Les-conferences-SJBB-48x3.jpg 48w, https:\/\/sjbb.fr\/wp-content\/uploads\/2025\/05\/Les-conferences-SJBB.jpg 1800w\" sizes=\"auto, (max-width: 1024px) 100vw, 1024px\" \/><\/a><\/figure>\n\n\n\n<hr class=\"wp-block-separator has-alpha-channel-opacity is-style-wide\"\/>\n\n\n\n<div class=\"wp-block-group\"><div class=\"wp-block-group__inner-container is-layout-flow wp-block-group-is-layout-flow\"><ul class=\"wp-block-latest-posts__list is-grid columns-3 wp-block-latest-posts is-layout-grid wp-container-core-latest-posts-is-layout-0fed8f92 wp-block-latest-posts-is-layout-grid\"><li><div class=\"wp-block-latest-posts__featured-image aligncenter\"><img loading=\"lazy\" decoding=\"async\" width=\"150\" height=\"150\" src=\"https:\/\/sjbb.fr\/wp-content\/uploads\/2026\/09\/un-chemin-pas-une-autoroute-150x150.jpg\" class=\"attachment-thumbnail size-thumbnail wp-post-image\" alt=\"\" style=\"max-width:200px;max-height:150px;\" srcset=\"https:\/\/sjbb.fr\/wp-content\/uploads\/2026\/09\/un-chemin-pas-une-autoroute-150x150.jpg 150w, https:\/\/sjbb.fr\/wp-content\/uploads\/2026\/09\/un-chemin-pas-une-autoroute-144x144.jpg 144w, https:\/\/sjbb.fr\/wp-content\/uploads\/2026\/09\/un-chemin-pas-une-autoroute-88x88.jpg 88w\" sizes=\"auto, (max-width: 150px) 100vw, 150px\" \/><\/div><a class=\"wp-block-latest-posts__post-title\" href=\"https:\/\/sjbb.fr\/index.php\/2026\/09\/04\/un-chemin-pas-une-autoroute\/\">Un chemin, pas une autoroute<\/a><div class=\"wp-block-latest-posts__post-excerpt\">\u2026 je pr\u00e9f\u00e8re les chemins. Celui dont je me r\u00e9clame a eu l\u2019\u00e9trange id\u00e9e de dire : \u00ab Je suis le chemin. \u00bb Pas la route. Encore moins l\u2019autoroute. Un chemin oblige \u00e0 ralentir, \u00e0 marcher au pas de l\u2019autre, \u00e0 consentir au d\u00e9tour. C\u2019est en chemin qu\u2019on fait des rencontres.<\/div><\/li>\n<li><div class=\"wp-block-latest-posts__featured-image aligncenter\"><img loading=\"lazy\" decoding=\"async\" width=\"150\" height=\"150\" src=\"https:\/\/sjbb.fr\/wp-content\/uploads\/2026\/09\/FondDePagehaut-150x150.png\" class=\"attachment-thumbnail size-thumbnail wp-post-image\" alt=\"\" style=\"max-width:200px;max-height:150px;\" srcset=\"https:\/\/sjbb.fr\/wp-content\/uploads\/2026\/09\/FondDePagehaut-150x150.png 150w, https:\/\/sjbb.fr\/wp-content\/uploads\/2026\/09\/FondDePagehaut-144x144.png 144w, https:\/\/sjbb.fr\/wp-content\/uploads\/2026\/09\/FondDePagehaut-88x88.png 88w\" sizes=\"auto, (max-width: 150px) 100vw, 150px\" \/><\/div><a class=\"wp-block-latest-posts__post-title\" href=\"https:\/\/sjbb.fr\/index.php\/2026\/09\/03\/info-de-rentree-2016-2017\/\">INFO DE RENTREE 2016-2017<\/a><div class=\"wp-block-latest-posts__post-excerpt\">Les inscriptions au KT, \u00e0 l\u2019Aum\u00f4nerie, au patronage et aux scouts auront lieu:<\/div><\/li>\n<li><div class=\"wp-block-latest-posts__featured-image aligncenter\"><img loading=\"lazy\" decoding=\"async\" width=\"150\" height=\"150\" src=\"https:\/\/sjbb.fr\/wp-content\/uploads\/2026\/09\/EttyRilke-150x150.jpg\" class=\"attachment-thumbnail size-thumbnail wp-post-image\" alt=\"\" style=\"max-width:200px;max-height:150px;\" srcset=\"https:\/\/sjbb.fr\/wp-content\/uploads\/2026\/09\/EttyRilke-150x150.jpg 150w, https:\/\/sjbb.fr\/wp-content\/uploads\/2026\/09\/EttyRilke-144x144.jpg 144w, https:\/\/sjbb.fr\/wp-content\/uploads\/2026\/09\/EttyRilke-88x88.jpg 88w\" sizes=\"auto, (max-width: 150px) 100vw, 150px\" \/><\/div><a class=\"wp-block-latest-posts__post-title\" href=\"https:\/\/sjbb.fr\/index.php\/2026\/09\/01\/etty-rilke\/\">Etty &amp; Rilke<\/a><div class=\"wp-block-latest-posts__post-excerpt\">R\u00e9cital musical &#8211; la compagnie de l&rsquo;Ange Jeudi 24 septembre 2026 &#8211; 20h30<\/div><\/li>\n<li><div class=\"wp-block-latest-posts__featured-image aligncenter\"><img loading=\"lazy\" decoding=\"async\" width=\"150\" height=\"150\" src=\"https:\/\/sjbb.fr\/wp-content\/uploads\/2026\/07\/Le-bon-grain-et-livraie-150x150.jpg\" class=\"attachment-thumbnail size-thumbnail wp-post-image\" alt=\"\" style=\"max-width:200px;max-height:150px;\" srcset=\"https:\/\/sjbb.fr\/wp-content\/uploads\/2026\/07\/Le-bon-grain-et-livraie-150x150.jpg 150w, https:\/\/sjbb.fr\/wp-content\/uploads\/2026\/07\/Le-bon-grain-et-livraie-144x144.jpg 144w, https:\/\/sjbb.fr\/wp-content\/uploads\/2026\/07\/Le-bon-grain-et-livraie-88x88.jpg 88w\" sizes=\"auto, (max-width: 150px) 100vw, 150px\" \/><\/div><a class=\"wp-block-latest-posts__post-title\" href=\"https:\/\/sjbb.fr\/index.php\/2026\/07\/03\/le-temps-de-la-moisson\/\">Le temps de la moisson<\/a><div class=\"wp-block-latest-posts__post-excerpt\">Juillet est l\u2019une des p\u00e9riodes o\u00f9 arrivent \u00e0 maturit\u00e9 le bl\u00e9, l\u2019orge, le colza\u2026 Et, justement, lors d\u2019un dimanche de ce mois, on lira la parabole du champ que son propri\u00e9taire a fait ensemencer de bon grain&#8230;<\/div><\/li>\n<li><div class=\"wp-block-latest-posts__featured-image aligncenter\"><img loading=\"lazy\" decoding=\"async\" width=\"150\" height=\"150\" src=\"https:\/\/sjbb.fr\/wp-content\/uploads\/2026\/06\/Venue-saint-pere-150x150.png\" class=\"attachment-thumbnail size-thumbnail wp-post-image\" alt=\"\" style=\"max-width:200px;max-height:150px;\" srcset=\"https:\/\/sjbb.fr\/wp-content\/uploads\/2026\/06\/Venue-saint-pere-150x150.png 150w, https:\/\/sjbb.fr\/wp-content\/uploads\/2026\/06\/Venue-saint-pere-144x144.png 144w, https:\/\/sjbb.fr\/wp-content\/uploads\/2026\/06\/Venue-saint-pere-88x88.png 88w\" sizes=\"auto, (max-width: 150px) 100vw, 150px\" \/><\/div><a class=\"wp-block-latest-posts__post-title\" href=\"https:\/\/sjbb.fr\/index.php\/2026\/06\/30\/venue-du-saint-pere-a-paris\/\">Venue du Saint P\u00e8re \u00e0 Paris<\/a><div class=\"wp-block-latest-posts__post-excerpt\">La paroisse se r\u00e9jouit de la venue du Saint P\u00e8re en France et \u00e0 Paris du 25 au 28 septembre\u2026 <a class=\"wp-block-latest-posts__read-more\" href=\"https:\/\/sjbb.fr\/index.php\/2026\/06\/30\/venue-du-saint-pere-a-paris\/\" rel=\"noopener\">Lire la suite<span class=\"screen-reader-text\">\u00a0: Venue du Saint P\u00e8re \u00e0 Paris<\/span><\/a><\/div><\/li>\n<li><div class=\"wp-block-latest-posts__featured-image aligncenter\"><img loading=\"lazy\" decoding=\"async\" width=\"150\" height=\"150\" src=\"https:\/\/sjbb.fr\/wp-content\/uploads\/2026\/06\/la-purete-du-coeur-150x150.jpg\" class=\"attachment-thumbnail size-thumbnail wp-post-image\" alt=\"\" style=\"max-width:200px;max-height:150px;\" srcset=\"https:\/\/sjbb.fr\/wp-content\/uploads\/2026\/06\/la-purete-du-coeur-150x150.jpg 150w, https:\/\/sjbb.fr\/wp-content\/uploads\/2026\/06\/la-purete-du-coeur-144x144.jpg 144w, https:\/\/sjbb.fr\/wp-content\/uploads\/2026\/06\/la-purete-du-coeur-88x88.jpg 88w\" sizes=\"auto, (max-width: 150px) 100vw, 150px\" \/><\/div><a class=\"wp-block-latest-posts__post-title\" href=\"https:\/\/sjbb.fr\/index.php\/2026\/06\/26\/la-purete-du-coeur\/\">LA PURET\u00c9 DU C\u0152UR,<\/a><div class=\"wp-block-latest-posts__post-excerpt\">Le texte que je vous livre aujourd\u2019hui n\u2019est pas de moi, mais de bien plus grand que moi : Eloi Leclerc, fr\u00e8re franciscain et auteur de plusieurs livres sur Saint Fran\u00e7ois d\u2019Assise.<\/div><\/li>\n<\/ul><\/div><\/div>\n","protected":false},"excerpt":{"rendered":"","protected":false},"author":14,"featured_media":18850,"parent":0,"menu_order":0,"comment_status":"closed","ping_status":"closed","template":"","meta":{"footnotes":""},"class_list":["post-7755","page","type-page","status-publish","has-post-thumbnail","hentry"],"jetpack_sharing_enabled":true,"_links":{"self":[{"href":"https:\/\/sjbb.fr\/index.php\/wp-json\/wp\/v2\/pages\/7755","targetHints":{"allow":["GET"]}}],"collection":[{"href":"https:\/\/sjbb.fr\/index.php\/wp-json\/wp\/v2\/pages"}],"about":[{"href":"https:\/\/sjbb.fr\/index.php\/wp-json\/wp\/v2\/types\/page"}],"author":[{"embeddable":true,"href":"https:\/\/sjbb.fr\/index.php\/wp-json\/wp\/v2\/users\/14"}],"replies":[{"embeddable":true,"href":"https:\/\/sjbb.fr\/index.php\/wp-json\/wp\/v2\/comments?post=7755"}],"version-history":[{"count":213,"href":"https:\/\/sjbb.fr\/index.php\/wp-json\/wp\/v2\/pages\/7755\/revisions"}],"predecessor-version":[{"id":19650,"href":"https:\/\/sjbb.fr\/index.php\/wp-json\/wp\/v2\/pages\/7755\/revisions\/19650"}],"wp:featuredmedia":[{"embeddable":true,"href":"https:\/\/sjbb.fr\/index.php\/wp-json\/wp\/v2\/media\/18850"}],"wp:attachment":[{"href":"https:\/\/sjbb.fr\/index.php\/wp-json\/wp\/v2\/media?parent=7755"}],"curies":[{"name":"wp","href":"https:\/\/api.w.org\/{rel}","templated":true}]}}