{"id":8500,"date":"2021-10-20T13:10:00","date_gmt":"2021-10-20T12:10:00","guid":{"rendered":"https:\/\/sjbb.fr\/?page_id=8500"},"modified":"2021-10-20T18:09:05","modified_gmt":"2021-10-20T17:09:05","slug":"rci-cimade","status":"publish","type":"page","link":"https:\/\/sjbb.fr\/index.php\/le-caritatif\/rci-cimade\/","title":{"rendered":"RCI CIMADE"},"content":{"rendered":"\n<p>Depuis 80 ans, La Cimade a adapt\u00e9 son action aux enjeux de l&rsquo;\u00e9poque. \u00c0 partir de la fin des ann\u00e9es 70, La Cimade s\u2019implique de plus en plus en r\u00e9action aux projets de loi r\u00e9duisant les droits des immigr\u00e9s.<\/p>\n\n\n\n<hr class=\"wp-block-separator\"\/>\n\n\n\n<p class=\"has-text-align-center\">Dans des locaux de notre paroisse, <br><strong>au 25 rue Fessart<\/strong> :<\/p>\n\n\n\n<p class=\"has-text-align-center\">Le <strong>lundi <\/strong>soir (<strong>18h30 &#8211; 21h<\/strong>) et le <strong>mardi <\/strong>matin (<strong>8h &#8211; 12 h30<\/strong>), <\/p>\n\n\n\n<hr class=\"wp-block-separator\"\/>\n\n\n\n<p>une \u00e9quipe de b\u00e9n\u00e9voles accueille celles et ceux qui ont besoin d&rsquo;aide pour effectuer leurs d\u00e9marches aupr\u00e8s des pr\u00e9fectures . Ces personnes \u00e9trang\u00e8res souhaitent vivre de mani\u00e8re r\u00e9guli\u00e8re dans notre pays et c&rsquo;est de plus en plus compliqu\u00e9 pour eux.<\/p>\n\n\n\n<p>Cette semaine, par exemple, une cinquantaine de personnes ont \u00e9t\u00e9 re\u00e7ues pendant une demi-heure, une heure, voire plus pour \u00e9tudier leur dossier, la strat\u00e9gie \u00e0 suivre.<\/p>\n\n\n\n<h4 class=\"has-text-align-center wp-block-heading\">Merci de nous aider si vous le souhaitez !<\/h4>\n","protected":false},"excerpt":{"rendered":"<p>Depuis 80 ans, La Cimade a adapt\u00e9 son action aux enjeux de l&rsquo;\u00e9poque. \u00c0 partir de la fin des ann\u00e9es 70, La Cimade s\u2019implique de plus en plus en r\u00e9action aux projets de loi r\u00e9duisant les droits des immigr\u00e9s. Dans des locaux de notre paroisse, au 25 rue Fessart : Le lundi soir (18h30 &#8211; [&hellip;]<\/p>\n","protected":false},"author":14,"featured_media":8502,"parent":389,"menu_order":0,"comment_status":"closed","ping_status":"closed","template":"","meta":{"footnotes":""},"class_list":["post-8500","page","type-page","status-publish","has-post-thumbnail","hentry"],"jetpack_sharing_enabled":true,"_links":{"self":[{"href":"https:\/\/sjbb.fr\/index.php\/wp-json\/wp\/v2\/pages\/8500","targetHints":{"allow":["GET"]}}],"collection":[{"href":"https:\/\/sjbb.fr\/index.php\/wp-json\/wp\/v2\/pages"}],"about":[{"href":"https:\/\/sjbb.fr\/index.php\/wp-json\/wp\/v2\/types\/page"}],"author":[{"embeddable":true,"href":"https:\/\/sjbb.fr\/index.php\/wp-json\/wp\/v2\/users\/14"}],"replies":[{"embeddable":true,"href":"https:\/\/sjbb.fr\/index.php\/wp-json\/wp\/v2\/comments?post=8500"}],"version-history":[{"count":0,"href":"https:\/\/sjbb.fr\/index.php\/wp-json\/wp\/v2\/pages\/8500\/revisions"}],"up":[{"embeddable":true,"href":"https:\/\/sjbb.fr\/index.php\/wp-json\/wp\/v2\/pages\/389"}],"wp:featuredmedia":[{"embeddable":true,"href":"https:\/\/sjbb.fr\/index.php\/wp-json\/wp\/v2\/media\/8502"}],"wp:attachment":[{"href":"https:\/\/sjbb.fr\/index.php\/wp-json\/wp\/v2\/media?parent=8500"}],"curies":[{"name":"wp","href":"https:\/\/api.w.org\/{rel}","templated":true}]}}